{"id":88133,"date":"2021-09-09T12:20:10","date_gmt":"2021-09-09T12:20:10","guid":{"rendered":"https:\/\/grupomultimedia.es\/web\/?page_id=88133"},"modified":"2022-12-12T13:45:10","modified_gmt":"2022-12-12T13:45:10","slug":"quienes-somos","status":"publish","type":"page","link":"https:\/\/grupomultimedia.es\/web\/quienes-somos\/","title":{"rendered":"Qui\u00e9nes Somos"},"content":{"rendered":"<p>[vc_row unlock_row_content=\u00bbyes\u00bb row_height_percent=\u00bb73&#8243; override_padding=\u00bbyes\u00bb h_padding=\u00bb0&#8243; top_padding=\u00bb0&#8243; bottom_padding=\u00bb0&#8243; overlay_alpha=\u00bb50&#8243; equal_height=\u00bbyes\u00bb gutter_size=\u00bb0&#8243; column_width_percent=\u00bb100&#8243; shift_y=\u00bb0&#8243; z_index=\u00bb0&#8243;][vc_column column_width_percent=\u00bb100&#8243; position_vertical=\u00bbmiddle\u00bb gutter_size=\u00bb3&#8243; override_padding=\u00bbyes\u00bb column_padding=\u00bb4&#8243; overlay_alpha=\u00bb50&#8243; shift_x=\u00bb0&#8243; shift_y=\u00bb0&#8243; shift_y_down=\u00bb0&#8243; z_index=\u00bb0&#8243; medium_width=\u00bb0&#8243; mobile_width=\u00bb0&#8243; css_animation=\u00bbleft-t-right\u00bb animation_speed=\u00bb800&#8243; width=\u00bb1\/3&#8243;][vc_custom_heading heading_semantic=\u00bbh3&#8243; text_font=\u00bbfont-156269&#8243; text_size=\u00bbh1&#8243; text_transform=\u00bbuppercase\u00bb text_space=\u00bbfontspace-781688&#8243; separator=\u00bbyes\u00bb separator_color=\u00bbyes\u00bb css_animation=\u00bbtypewriter\u00bb interval_animation=\u00bb40&#8243;]36 profesionales en 8 centros[\/vc_custom_heading][vc_column_text]Dirigidos por <b>Manuel Exp\u00f3sito Moreno<\/b>, profesional de amplia trayectoria ligada a la historia de la radio en las provincias de Ja\u00e9n y C\u00f3rdoba. Colaborador en varios medios escritos y un referente en la opini\u00f3n p\u00fablica de nuestra provincia por sus art\u00edculos semanales de an\u00e1lisis pol\u00edtico.<\/p>\n<p><b>Alejandro Mas Ram\u00edrez<\/b> es el Consejero Delegado, editor, empresario y accionista mayoritario del Grupo.<\/p>\n<p>En nuestro Grupo trabajan un total de\u00a0<strong>40 profesionales<\/strong>\u00a0repartidos por\u00a0<strong>8 centros de producci\u00f3n<\/strong>\u00a0que se distribuyen por la geograf\u00eda jiennense en municipios como Ja\u00e9n capital, \u00dabeda, And\u00fajar, Cazorla, J\u00f3dar, Villacarrillo, Porcuna y Alcaudete.[\/vc_column_text][\/vc_column][vc_column column_width_percent=\u00bb100&#8243; position_vertical=\u00bbmiddle\u00bb align_horizontal=\u00bbalign_center\u00bb gutter_size=\u00bb3&#8243; back_image=\u00bb88138&#8243; overlay_alpha=\u00bb50&#8243; shift_x=\u00bb0&#8243; shift_y=\u00bb0&#8243; shift_y_down=\u00bb0&#8243; z_index=\u00bb0&#8243; medium_width=\u00bb0&#8243; mobile_width=\u00bb0&#8243; css_animation=\u00bbleft-t-right\u00bb animation_speed=\u00bb800&#8243; width=\u00bb2\/3&#8243; mobile_height=\u00bb300&#8243;][\/vc_column][\/vc_row][vc_row unlock_row_content=\u00bbyes\u00bb row_height_percent=\u00bb75&#8243; override_padding=\u00bbyes\u00bb h_padding=\u00bb0&#8243; top_padding=\u00bb0&#8243; bottom_padding=\u00bb0&#8243; overlay_alpha=\u00bb50&#8243; equal_height=\u00bbyes\u00bb gutter_size=\u00bb0&#8243; column_width_percent=\u00bb100&#8243; shift_y=\u00bb0&#8243; z_index=\u00bb0&#8243; inverted_device_order=\u00bbyes\u00bb el_id=\u00bbmultimedia-radio\u00bb][vc_column column_width_percent=\u00bb100&#8243; position_vertical=\u00bbmiddle\u00bb align_horizontal=\u00bbalign_center\u00bb gutter_size=\u00bb3&#8243; back_image=\u00bb88310&#8243; overlay_alpha=\u00bb50&#8243; shift_x=\u00bb0&#8243; shift_y=\u00bb0&#8243; shift_y_down=\u00bb0&#8243; z_index=\u00bb0&#8243; medium_width=\u00bb0&#8243; mobile_width=\u00bb0&#8243; css_animation=\u00bbright-t-left\u00bb animation_speed=\u00bb800&#8243; animation_delay=\u00bb500&#8243; width=\u00bb2\/3&#8243; mobile_height=\u00bb300&#8243; el_class=\u00bbinverted-order-device\u00bb back_size=\u00bbcontain\u00bb][\/vc_column][vc_column column_width_percent=\u00bb100&#8243; position_vertical=\u00bbmiddle\u00bb gutter_size=\u00bb3&#8243; override_padding=\u00bbyes\u00bb column_padding=\u00bb4&#8243; overlay_alpha=\u00bb50&#8243; shift_x=\u00bb0&#8243; shift_y=\u00bb0&#8243; shift_y_down=\u00bb0&#8243; z_index=\u00bb0&#8243; medium_width=\u00bb0&#8243; mobile_width=\u00bb0&#8243; css_animation=\u00bbright-t-left\u00bb animation_speed=\u00bb800&#8243; animation_delay=\u00bb500&#8243; width=\u00bb1\/3&#8243;][vc_custom_heading heading_semantic=\u00bbh3&#8243; text_font=\u00bbfont-156269&#8243; text_size=\u00bbh1&#8243; text_transform=\u00bbuppercase\u00bb text_space=\u00bbfontspace-781688&#8243; separator=\u00bbyes\u00bb separator_color=\u00bbyes\u00bb css_animation=\u00bbtypewriter\u00bb interval_animation=\u00bb40&#8243;]11 emisoras con producto ser, dial, los40, m80 y radiol\u00e9[\/vc_custom_heading][vc_column_text]Sobre la base de\u00a0<strong><em>Radio \u00dabeda<\/em><\/strong>, emisora que comandaba un grupo de estaciones de radio locales en\u00a0<strong><em>Martos y\u00a0Alcaudete\u00a0<\/em><\/strong>y tras la incorporaci\u00f3n de las emisoras de <strong>Villacarrillo y Cazorla<\/strong>, la empresa editora pasa a llamarse\u00a0<strong>Multimedia\u00a0Jiennense<\/strong><\/p>\n<p>Posteriormente se incorporan las emisoras de\u00a0<strong><em>Porcuna, And\u00fajar, J\u00f3dar, Beas de Segura<\/em><\/strong>\u00a0y la gesti\u00f3n de\u00a0<strong><em>otras dos emisoras en la ciudad de \u00dabeda\u00a0<\/em><\/strong>que emiten los productos Los40 y Los40 Classic respectivamente.[\/vc_column_text][\/vc_column][\/vc_row][vc_row unlock_row_content=\u00bbyes\u00bb row_height_percent=\u00bb73&#8243; override_padding=\u00bbyes\u00bb h_padding=\u00bb0&#8243; top_padding=\u00bb0&#8243; bottom_padding=\u00bb0&#8243; overlay_alpha=\u00bb50&#8243; equal_height=\u00bbyes\u00bb gutter_size=\u00bb0&#8243; column_width_percent=\u00bb100&#8243; shift_y=\u00bb0&#8243; z_index=\u00bb0&#8243; el_id=\u00bbdiez-tv\u00bb][vc_column column_width_percent=\u00bb100&#8243; position_vertical=\u00bbmiddle\u00bb gutter_size=\u00bb3&#8243; override_padding=\u00bbyes\u00bb column_padding=\u00bb4&#8243; overlay_alpha=\u00bb50&#8243; shift_x=\u00bb0&#8243; shift_y=\u00bb0&#8243; shift_y_down=\u00bb0&#8243; z_index=\u00bb0&#8243; medium_width=\u00bb0&#8243; mobile_width=\u00bb0&#8243; css_animation=\u00bbleft-t-right\u00bb animation_speed=\u00bb800&#8243; width=\u00bb1\/3&#8243;][vc_custom_heading heading_semantic=\u00bbh3&#8243; text_font=\u00bbfont-156269&#8243; text_size=\u00bbh1&#8243; text_transform=\u00bbuppercase\u00bb text_space=\u00bbfontspace-781688&#8243; separator=\u00bbyes\u00bb separator_color=\u00bbyes\u00bb css_animation=\u00bbtypewriter\u00bb interval_animation=\u00bb40&#8243;]Diez tv en \u00dabeda, and\u00fajar y villacarrillo[\/vc_custom_heading][vc_column_text]El concurso de televisiones locales digitales terrestres puso a nuestro alcance la explotaci\u00f3n de este tipo de licencias y as\u00ed pusimos en marcha la empresa\u00a0<strong>Grupo Audiovisual Andaluz\u00a0<\/strong>para ser la editora televisiva de nuestro grupo<\/p>\n<p>Comenzamos en 2010 con la cadena DIEZ TV con base en el centro hist\u00f3rico de \u00dabeda y en 2017 pusimos en marcha la sede de And\u00fajar y recientemente comenz\u00f3 sus emisiones DIEZTV Villacarrillo<\/p>\n<p>La cobertura de DIEZ TV abarca desde Cazorla, Segura y Las Villas al este a Montoro (C\u00f3rdoba) al oeste y desde La Carolina y El Condado al norte hasta Ja\u00e9n al sur.[\/vc_column_text][\/vc_column][vc_column column_width_percent=\u00bb100&#8243; position_vertical=\u00bbmiddle\u00bb align_horizontal=\u00bbalign_center\u00bb gutter_size=\u00bb3&#8243; back_image=\u00bb88309&#8243; overlay_alpha=\u00bb50&#8243; shift_x=\u00bb0&#8243; shift_y=\u00bb0&#8243; shift_y_down=\u00bb0&#8243; z_index=\u00bb0&#8243; medium_width=\u00bb0&#8243; mobile_width=\u00bb0&#8243; css_animation=\u00bbleft-t-right\u00bb animation_speed=\u00bb800&#8243; width=\u00bb2\/3&#8243; mobile_height=\u00bb300&#8243; back_size=\u00bbcontain\u00bb][\/vc_column][\/vc_row][vc_row unlock_row_content=\u00bbyes\u00bb row_height_percent=\u00bb75&#8243; override_padding=\u00bbyes\u00bb h_padding=\u00bb0&#8243; top_padding=\u00bb0&#8243; bottom_padding=\u00bb0&#8243; overlay_alpha=\u00bb50&#8243; equal_height=\u00bbyes\u00bb gutter_size=\u00bb0&#8243; column_width_percent=\u00bb100&#8243; shift_y=\u00bb0&#8243; z_index=\u00bb0&#8243; inverted_device_order=\u00bbyes\u00bb el_id=\u00bbextrajaen\u00bb shape_dividers=\u00bb\u00bb][vc_column column_width_percent=\u00bb100&#8243; position_vertical=\u00bbmiddle\u00bb align_horizontal=\u00bbalign_center\u00bb gutter_size=\u00bb3&#8243; back_image=\u00bb88703&#8243; overlay_alpha=\u00bb50&#8243; shift_x=\u00bb0&#8243; shift_y=\u00bb0&#8243; shift_y_down=\u00bb0&#8243; z_index=\u00bb0&#8243; medium_width=\u00bb0&#8243; mobile_width=\u00bb0&#8243; css_animation=\u00bbright-t-left\u00bb animation_speed=\u00bb800&#8243; animation_delay=\u00bb500&#8243; width=\u00bb2\/3&#8243; mobile_height=\u00bb300&#8243; el_class=\u00bbinverted-order-device\u00bb back_size=\u00bbcontain\u00bb][\/vc_column][vc_column column_width_percent=\u00bb100&#8243; position_vertical=\u00bbmiddle\u00bb gutter_size=\u00bb3&#8243; override_padding=\u00bbyes\u00bb column_padding=\u00bb4&#8243; overlay_alpha=\u00bb50&#8243; shift_x=\u00bb0&#8243; shift_y=\u00bb0&#8243; shift_y_down=\u00bb0&#8243; z_index=\u00bb0&#8243; medium_width=\u00bb0&#8243; mobile_width=\u00bb0&#8243; css_animation=\u00bbright-t-left\u00bb animation_speed=\u00bb800&#8243; animation_delay=\u00bb500&#8243; width=\u00bb1\/3&#8243;][vc_custom_heading heading_semantic=\u00bbh3&#8243; text_font=\u00bbfont-156269&#8243; text_size=\u00bbh1&#8243; text_transform=\u00bbuppercase\u00bb text_space=\u00bbfontspace-781688&#8243; separator=\u00bbyes\u00bb separator_color=\u00bbyes\u00bb css_animation=\u00bbtypewriter\u00bb interval_animation=\u00bb40&#8243;]ExtraJa\u00e9n<\/p>\n<p>informaci\u00f3n actualizada de la provincia de Ja\u00e9n.[\/vc_custom_heading][vc_column_text]ExtraJa\u00e9n se centra en la distribuci\u00f3n gratuita de suplementos especiales tem\u00e1ticos con un contenido period\u00edstico, anal\u00edtico y divulgativo de alto nivel.<\/p>\n<p>Fundado en 2021 aunque ve la luz en enero de 2022. Lo edita la empresa <strong>GESTION DE MEDIOS JIENNENSES S.L.<\/strong> que tiene una dilatada experiencia en edici\u00f3n de medios.[\/vc_column_text][\/vc_column][\/vc_row][vc_row unlock_row_content=\u00bbyes\u00bb row_height_percent=\u00bb73&#8243; override_padding=\u00bbyes\u00bb h_padding=\u00bb0&#8243; top_padding=\u00bb0&#8243; bottom_padding=\u00bb0&#8243; overlay_alpha=\u00bb50&#8243; equal_height=\u00bbyes\u00bb gutter_size=\u00bb0&#8243; column_width_percent=\u00bb100&#8243; shift_y=\u00bb0&#8243; z_index=\u00bb0&#8243;][vc_column column_width_percent=\u00bb100&#8243; position_vertical=\u00bbmiddle\u00bb gutter_size=\u00bb3&#8243; override_padding=\u00bbyes\u00bb column_padding=\u00bb4&#8243; overlay_alpha=\u00bb50&#8243; shift_x=\u00bb0&#8243; shift_y=\u00bb0&#8243; shift_y_down=\u00bb0&#8243; z_index=\u00bb0&#8243; medium_width=\u00bb0&#8243; mobile_width=\u00bb0&#8243; css_animation=\u00bbleft-t-right\u00bb animation_speed=\u00bb800&#8243; animation_delay=\u00bb500&#8243; width=\u00bb1\/3&#8243;][vc_custom_heading heading_semantic=\u00bbh3&#8243; text_font=\u00bbfont-156269&#8243; text_size=\u00bbh1&#8243; text_transform=\u00bbuppercase\u00bb text_space=\u00bbfontspace-781688&#8243; separator=\u00bbyes\u00bb separator_color=\u00bbyes\u00bb css_animation=\u00bbtypewriter\u00bb interval_animation=\u00bb40&#8243;]Internet y nuevas tecnolog\u00edas[\/vc_custom_heading][vc_column_text]En 2017, finalmente, cerramos el c\u00edrculo y nos asentamos en el medio digital con\u00a0<strong>las webs de cada uno de los soportes que editamos,<\/strong>\u00a0empezando por las emisoras de radio.<\/p>\n<p>Tres webs\u00a0<strong><em>(Radio \u00dabeda, SER And\u00fajar y Radio J\u00f3dar)\u00a0<\/em><\/strong>que cuelgan de la estructura digital de la SER (programaci\u00f3n que emiten dichas emisoras)<\/p>\n<p>Con una presencia de alto nivel\u00a0<strong>en\u00a0Internet\u00a0y en aplicaciones m\u00f3viles\u00a0<\/strong>generando un gran volumen de contenido de calidad y valor a\u00f1adido.[\/vc_column_text][\/vc_column][vc_column column_width_percent=\u00bb100&#8243; position_vertical=\u00bbmiddle\u00bb align_horizontal=\u00bbalign_center\u00bb gutter_size=\u00bb3&#8243; back_image=\u00bb88152&#8243; overlay_alpha=\u00bb50&#8243; shift_x=\u00bb0&#8243; shift_y=\u00bb0&#8243; shift_y_down=\u00bb0&#8243; z_index=\u00bb0&#8243; medium_width=\u00bb0&#8243; mobile_width=\u00bb0&#8243; css_animation=\u00bbright-t-left\u00bb animation_speed=\u00bb800&#8243; animation_delay=\u00bb500&#8243; width=\u00bb2\/3&#8243; mobile_height=\u00bb300&#8243;][\/vc_column][\/vc_row]<\/p>\n","protected":false},"excerpt":{"rendered":"<p>[vc_row unlock_row_content=\u00bbyes\u00bb row_height_percent=\u00bb73&#8243; override_padding=\u00bbyes\u00bb h_padding=\u00bb0&#8243; top_padding=\u00bb0&#8243; bottom_padding=\u00bb0&#8243; overlay_alpha=\u00bb50&#8243; equal_height=\u00bbyes\u00bb gutter_size=\u00bb0&#8243; column_width_percent=\u00bb100&#8243; shift_y=\u00bb0&#8243; z_index=\u00bb0&#8243;][vc_column column_width_percent=\u00bb100&#8243; position_vertical=\u00bbmiddle\u00bb gutter_size=\u00bb3&#8243; override_padding=\u00bbyes\u00bb column_padding=\u00bb4&#8243; overlay_alpha=\u00bb50&#8243; shift_x=\u00bb0&#8243; [&hellip;]<\/p>\n","protected":false},"author":1,"featured_media":19710,"parent":0,"menu_order":0,"comment_status":"closed","ping_status":"closed","template":"","meta":{"footnotes":""},"class_list":["post-88133","page","type-page","status-publish","has-post-thumbnail","hentry"],"_links":{"self":[{"href":"https:\/\/grupomultimedia.es\/web\/wp-json\/wp\/v2\/pages\/88133","targetHints":{"allow":["GET"]}}],"collection":[{"href":"https:\/\/grupomultimedia.es\/web\/wp-json\/wp\/v2\/pages"}],"about":[{"href":"https:\/\/grupomultimedia.es\/web\/wp-json\/wp\/v2\/types\/page"}],"author":[{"embeddable":true,"href":"https:\/\/grupomultimedia.es\/web\/wp-json\/wp\/v2\/users\/1"}],"replies":[{"embeddable":true,"href":"https:\/\/grupomultimedia.es\/web\/wp-json\/wp\/v2\/comments?post=88133"}],"version-history":[{"count":38,"href":"https:\/\/grupomultimedia.es\/web\/wp-json\/wp\/v2\/pages\/88133\/revisions"}],"predecessor-version":[{"id":88713,"href":"https:\/\/grupomultimedia.es\/web\/wp-json\/wp\/v2\/pages\/88133\/revisions\/88713"}],"wp:featuredmedia":[{"embeddable":true,"href":"https:\/\/grupomultimedia.es\/web\/wp-json\/wp\/v2\/media\/19710"}],"wp:attachment":[{"href":"https:\/\/grupomultimedia.es\/web\/wp-json\/wp\/v2\/media?parent=88133"}],"curies":[{"name":"wp","href":"https:\/\/api.w.org\/{rel}","templated":true}]}}