{"id":88603,"date":"2021-10-27T09:43:29","date_gmt":"2021-10-27T09:43:29","guid":{"rendered":"https:\/\/grupomultimedia.es\/web\/?page_id=88603"},"modified":"2022-12-15T13:51:05","modified_gmt":"2022-12-15T13:51:05","slug":"quienes-somos-en","status":"publish","type":"page","link":"https:\/\/grupomultimedia.es\/web\/en\/quienes-somos-en\/","title":{"rendered":"About Us"},"content":{"rendered":"<p>[vc_row unlock_row_content=\u00bbyes\u00bb row_height_percent=\u00bb73&#8243; override_padding=\u00bbyes\u00bb h_padding=\u00bb0&#8243; top_padding=\u00bb0&#8243; bottom_padding=\u00bb0&#8243; overlay_alpha=\u00bb50&#8243; equal_height=\u00bbyes\u00bb gutter_size=\u00bb0&#8243; column_width_percent=\u00bb100&#8243; shift_y=\u00bb0&#8243; z_index=\u00bb0&#8243;][vc_column column_width_percent=\u00bb100&#8243; position_vertical=\u00bbmiddle\u00bb gutter_size=\u00bb3&#8243; override_padding=\u00bbyes\u00bb column_padding=\u00bb4&#8243; overlay_alpha=\u00bb50&#8243; shift_x=\u00bb0&#8243; shift_y=\u00bb0&#8243; shift_y_down=\u00bb0&#8243; z_index=\u00bb0&#8243; medium_width=\u00bb0&#8243; mobile_width=\u00bb0&#8243; css_animation=\u00bbleft-t-right\u00bb animation_speed=\u00bb800&#8243; width=\u00bb1\/3&#8243;][vc_custom_heading heading_semantic=\u00bbh3&#8243; text_font=\u00bbfont-156269&#8243; text_size=\u00bbh1&#8243; text_transform=\u00bbuppercase\u00bb text_space=\u00bbfontspace-781688&#8243; separator=\u00bbyes\u00bb separator_color=\u00bbyes\u00bb css_animation=\u00bbtypewriter\u00bb interval_animation=\u00bb40&#8243;]36 PROFESSIONALS IN 7 PRODUCTION CENTERS[\/vc_custom_heading][vc_column_text]Directed by <strong>Manuel Exp\u00f3sito Moreno<\/strong>, a professional with extensive experience linked to the history of radio in the provinces of Ja\u00e9n and C\u00f3rdoba. Collaborator in various written media and a reference in public opinion in our province for his weekly articles on political analysis.<\/p>\n<p><strong>Alejandro Mas Ram\u00edrez<\/strong> is the CEO, editor, businessman and majority shareholder of the Group.<\/p>\n<p>A total of 40 professionals work in our Group spread over 7 production centers that are distributed throughout the Ja\u00e9n geography in municipalities such as Ja\u00e9n capital, \u00dabeda, And\u00fajar, Cazorla, J\u00f3dar, Villacarrillo, Porcuna and Alcaudete.[\/vc_column_text][\/vc_column][vc_column column_width_percent=\u00bb100&#8243; position_vertical=\u00bbmiddle\u00bb align_horizontal=\u00bbalign_center\u00bb gutter_size=\u00bb3&#8243; back_image=\u00bb88138&#8243; overlay_alpha=\u00bb50&#8243; shift_x=\u00bb0&#8243; shift_y=\u00bb0&#8243; shift_y_down=\u00bb0&#8243; z_index=\u00bb0&#8243; medium_width=\u00bb0&#8243; mobile_width=\u00bb0&#8243; css_animation=\u00bbleft-t-right\u00bb animation_speed=\u00bb800&#8243; width=\u00bb2\/3&#8243; mobile_height=\u00bb300&#8243;][\/vc_column][\/vc_row][vc_row unlock_row_content=\u00bbyes\u00bb row_height_percent=\u00bb75&#8243; override_padding=\u00bbyes\u00bb h_padding=\u00bb0&#8243; top_padding=\u00bb0&#8243; bottom_padding=\u00bb0&#8243; overlay_alpha=\u00bb50&#8243; equal_height=\u00bbyes\u00bb gutter_size=\u00bb0&#8243; column_width_percent=\u00bb100&#8243; shift_y=\u00bb0&#8243; z_index=\u00bb0&#8243; inverted_device_order=\u00bbyes\u00bb el_id=\u00bbmultimedia-radio\u00bb][vc_column column_width_percent=\u00bb100&#8243; position_vertical=\u00bbmiddle\u00bb align_horizontal=\u00bbalign_center\u00bb gutter_size=\u00bb3&#8243; back_image=\u00bb88310&#8243; overlay_alpha=\u00bb50&#8243; shift_x=\u00bb0&#8243; shift_y=\u00bb0&#8243; shift_y_down=\u00bb0&#8243; z_index=\u00bb0&#8243; medium_width=\u00bb0&#8243; mobile_width=\u00bb0&#8243; css_animation=\u00bbright-t-left\u00bb animation_speed=\u00bb800&#8243; animation_delay=\u00bb500&#8243; width=\u00bb2\/3&#8243; mobile_height=\u00bb300&#8243; el_class=\u00bbinverted-order-device\u00bb back_size=\u00bbcontain\u00bb][\/vc_column][vc_column column_width_percent=\u00bb100&#8243; position_vertical=\u00bbmiddle\u00bb gutter_size=\u00bb3&#8243; override_padding=\u00bbyes\u00bb column_padding=\u00bb4&#8243; overlay_alpha=\u00bb50&#8243; shift_x=\u00bb0&#8243; shift_y=\u00bb0&#8243; shift_y_down=\u00bb0&#8243; z_index=\u00bb0&#8243; medium_width=\u00bb0&#8243; mobile_width=\u00bb0&#8243; css_animation=\u00bbright-t-left\u00bb animation_speed=\u00bb800&#8243; animation_delay=\u00bb500&#8243; width=\u00bb1\/3&#8243;][vc_custom_heading heading_semantic=\u00bbh3&#8243; text_font=\u00bbfont-156269&#8243; text_size=\u00bbh1&#8243; text_transform=\u00bbuppercase\u00bb text_space=\u00bbfontspace-781688&#8243; separator=\u00bbyes\u00bb separator_color=\u00bbyes\u00bb css_animation=\u00bbtypewriter\u00bb interval_animation=\u00bb40&#8243;]11 STATIONS WITH SER, DIAL, LOS40, LOS40 CLASSIC AND RADIOL\u00c9 PRODUCT[\/vc_custom_heading][vc_column_text]Based on Radio \u00dabeda, a station that commanded a group of local radio stations in Martos and Alcaudete and after the incorporation of the Villacarrillo and Cazorla stations, the publishing company was renamed Multimedia Jiennense<\/p>\n<p>Subsequently, the stations of Porcuna, And\u00fajar, J\u00f3dar, Beas de Segura and the management of two other stations in the city of \u00dabeda that broadcast the Los40 and Los40 Classic products respectively are incorporated.[\/vc_column_text][\/vc_column][\/vc_row][vc_row unlock_row_content=\u00bbyes\u00bb row_height_percent=\u00bb73&#8243; override_padding=\u00bbyes\u00bb h_padding=\u00bb0&#8243; top_padding=\u00bb0&#8243; bottom_padding=\u00bb0&#8243; overlay_alpha=\u00bb50&#8243; equal_height=\u00bbyes\u00bb gutter_size=\u00bb0&#8243; column_width_percent=\u00bb100&#8243; shift_y=\u00bb0&#8243; z_index=\u00bb0&#8243; el_id=\u00bbdiez-tv\u00bb][vc_column column_width_percent=\u00bb100&#8243; position_vertical=\u00bbmiddle\u00bb gutter_size=\u00bb3&#8243; override_padding=\u00bbyes\u00bb column_padding=\u00bb4&#8243; overlay_alpha=\u00bb50&#8243; shift_x=\u00bb0&#8243; shift_y=\u00bb0&#8243; shift_y_down=\u00bb0&#8243; z_index=\u00bb0&#8243; medium_width=\u00bb0&#8243; mobile_width=\u00bb0&#8243; css_animation=\u00bbleft-t-right\u00bb animation_speed=\u00bb800&#8243; width=\u00bb1\/3&#8243;][vc_custom_heading heading_semantic=\u00bbh3&#8243; text_font=\u00bbfont-156269&#8243; text_size=\u00bbh1&#8243; text_transform=\u00bbuppercase\u00bb text_space=\u00bbfontspace-781688&#8243; separator=\u00bbyes\u00bb separator_color=\u00bbyes\u00bb css_animation=\u00bbtypewriter\u00bb interval_animation=\u00bb40&#8243;]DIEZ TV IN \u00daBEDA, AND\u00daJAR AND VILLACARRILLO[\/vc_custom_heading][vc_column_text]The local digital terrestrial television contest made the exploitation of this type of licenses available to us and thus we launched the Grupo Audiovisual Andaluz company to be the television publisher of our group<\/p>\n<p>We started in 2010 with the DIEZ TV network based in the historic center of \u00dabeda and in 2017 we launched the And\u00fajar headquarters and recently began broadcasting DIEZTV Villacarrillo.<\/p>\n<p>DIEZ TV&#8217;s coverage ranges from Cazorla and Segura in the east to Montoro (C\u00f3rdoba) in the west and from La Carolina in the north to Ja\u00e9n in the south[\/vc_column_text][\/vc_column][vc_column column_width_percent=\u00bb100&#8243; position_vertical=\u00bbmiddle\u00bb align_horizontal=\u00bbalign_center\u00bb gutter_size=\u00bb3&#8243; back_image=\u00bb88309&#8243; overlay_alpha=\u00bb50&#8243; shift_x=\u00bb0&#8243; shift_y=\u00bb0&#8243; shift_y_down=\u00bb0&#8243; z_index=\u00bb0&#8243; medium_width=\u00bb0&#8243; mobile_width=\u00bb0&#8243; css_animation=\u00bbleft-t-right\u00bb animation_speed=\u00bb800&#8243; width=\u00bb2\/3&#8243; mobile_height=\u00bb300&#8243; back_size=\u00bbcontain\u00bb][\/vc_column][\/vc_row][vc_row unlock_row_content=\u00bbyes\u00bb row_height_percent=\u00bb75&#8243; override_padding=\u00bbyes\u00bb h_padding=\u00bb0&#8243; top_padding=\u00bb0&#8243; bottom_padding=\u00bb0&#8243; overlay_alpha=\u00bb50&#8243; equal_height=\u00bbyes\u00bb gutter_size=\u00bb0&#8243; column_width_percent=\u00bb100&#8243; shift_y=\u00bb0&#8243; z_index=\u00bb0&#8243; inverted_device_order=\u00bbyes\u00bb el_id=\u00bbextrajaen\u00bb shape_dividers=\u00bb\u00bb][vc_column column_width_percent=\u00bb100&#8243; position_vertical=\u00bbmiddle\u00bb align_horizontal=\u00bbalign_center\u00bb gutter_size=\u00bb3&#8243; back_image=\u00bb88714&#8243; overlay_alpha=\u00bb50&#8243; shift_x=\u00bb0&#8243; shift_y=\u00bb0&#8243; shift_y_down=\u00bb0&#8243; z_index=\u00bb0&#8243; medium_width=\u00bb0&#8243; mobile_width=\u00bb0&#8243; css_animation=\u00bbright-t-left\u00bb animation_speed=\u00bb800&#8243; animation_delay=\u00bb500&#8243; width=\u00bb2\/3&#8243; mobile_height=\u00bb300&#8243; el_class=\u00bbinverted-order-device\u00bb back_size=\u00bbcontain\u00bb][\/vc_column][vc_column column_width_percent=\u00bb100&#8243; position_vertical=\u00bbmiddle\u00bb gutter_size=\u00bb3&#8243; override_padding=\u00bbyes\u00bb column_padding=\u00bb4&#8243; overlay_alpha=\u00bb50&#8243; shift_x=\u00bb0&#8243; shift_y=\u00bb0&#8243; shift_y_down=\u00bb0&#8243; z_index=\u00bb0&#8243; medium_width=\u00bb0&#8243; mobile_width=\u00bb0&#8243; css_animation=\u00bbright-t-left\u00bb animation_speed=\u00bb800&#8243; animation_delay=\u00bb500&#8243; width=\u00bb1\/3&#8243;][vc_custom_heading heading_semantic=\u00bbh3&#8243; text_font=\u00bbfont-156269&#8243; text_size=\u00bbh1&#8243; text_transform=\u00bbuppercase\u00bb text_space=\u00bbfontspace-781688&#8243; separator=\u00bbyes\u00bb separator_color=\u00bbyes\u00bb css_animation=\u00bbtypewriter\u00bb interval_animation=\u00bb40&#8243;]EXTRAJA\u00c9N<\/p>\n<p>UPDATED INFORMATION ABOUT THE PROVINCE OF JA\u00c9N.[\/vc_custom_heading][vc_column_text]ExtraJa\u00e9n focuses on the free distribution of special thematic supplements with a high level of journalistic, analytical and informative content.<\/p>\n<p>Founded in 2021 although it will be published in January 2022. It is edited by the company <strong>GESTION DE MEDIOS JIENNENSES S.L.<\/strong>, which has extensive experience in media publishing.[\/vc_column_text][\/vc_column][\/vc_row][vc_row unlock_row_content=\u00bbyes\u00bb row_height_percent=\u00bb73&#8243; override_padding=\u00bbyes\u00bb h_padding=\u00bb0&#8243; top_padding=\u00bb0&#8243; bottom_padding=\u00bb0&#8243; overlay_alpha=\u00bb50&#8243; equal_height=\u00bbyes\u00bb gutter_size=\u00bb0&#8243; column_width_percent=\u00bb100&#8243; shift_y=\u00bb0&#8243; z_index=\u00bb0&#8243;][vc_column column_width_percent=\u00bb100&#8243; position_vertical=\u00bbmiddle\u00bb gutter_size=\u00bb3&#8243; override_padding=\u00bbyes\u00bb column_padding=\u00bb4&#8243; overlay_alpha=\u00bb50&#8243; shift_x=\u00bb0&#8243; shift_y=\u00bb0&#8243; shift_y_down=\u00bb0&#8243; z_index=\u00bb0&#8243; medium_width=\u00bb0&#8243; mobile_width=\u00bb0&#8243; css_animation=\u00bbleft-t-right\u00bb animation_speed=\u00bb800&#8243; animation_delay=\u00bb500&#8243; width=\u00bb1\/3&#8243;][vc_custom_heading heading_semantic=\u00bbh3&#8243; text_font=\u00bbfont-156269&#8243; text_size=\u00bbh1&#8243; text_transform=\u00bbuppercase\u00bb text_space=\u00bbfontspace-781688&#8243; separator=\u00bbyes\u00bb separator_color=\u00bbyes\u00bb css_animation=\u00bbtypewriter\u00bb interval_animation=\u00bb40&#8243;]INTERNET AND NEW TECHNOLOGIES[\/vc_custom_heading][vc_column_text]In 2017, we finally closed the circle and settled in the digital medium with the websites of each of the media that we edit, starting with the radio stations.<\/p>\n<p>Three websites (Radio \u00dabeda, SER And\u00fajar and Radio J\u00f3dar) that hang from the digital structure of the SER (programming that these stations broadcast)<\/p>\n<p>With a high-level presence on the Internet and in mobile applications, we create a large amount of quality and added value content[\/vc_column_text][\/vc_column][vc_column column_width_percent=\u00bb100&#8243; position_vertical=\u00bbmiddle\u00bb align_horizontal=\u00bbalign_center\u00bb gutter_size=\u00bb3&#8243; back_image=\u00bb88152&#8243; overlay_alpha=\u00bb50&#8243; shift_x=\u00bb0&#8243; shift_y=\u00bb0&#8243; shift_y_down=\u00bb0&#8243; z_index=\u00bb0&#8243; medium_width=\u00bb0&#8243; mobile_width=\u00bb0&#8243; css_animation=\u00bbright-t-left\u00bb animation_speed=\u00bb800&#8243; animation_delay=\u00bb500&#8243; width=\u00bb2\/3&#8243; mobile_height=\u00bb300&#8243;][\/vc_column][\/vc_row]<\/p>\n","protected":false},"excerpt":{"rendered":"<p>[vc_row unlock_row_content=\u00bbyes\u00bb row_height_percent=\u00bb73&#8243; override_padding=\u00bbyes\u00bb h_padding=\u00bb0&#8243; top_padding=\u00bb0&#8243; bottom_padding=\u00bb0&#8243; overlay_alpha=\u00bb50&#8243; equal_height=\u00bbyes\u00bb gutter_size=\u00bb0&#8243; column_width_percent=\u00bb100&#8243; shift_y=\u00bb0&#8243; z_index=\u00bb0&#8243;][vc_column column_width_percent=\u00bb100&#8243; position_vertical=\u00bbmiddle\u00bb gutter_size=\u00bb3&#8243; override_padding=\u00bbyes\u00bb column_padding=\u00bb4&#8243; overlay_alpha=\u00bb50&#8243; shift_x=\u00bb0&#8243; [&hellip;]<\/p>\n","protected":false},"author":1,"featured_media":19710,"parent":0,"menu_order":0,"comment_status":"closed","ping_status":"closed","template":"","meta":{"footnotes":""},"class_list":["post-88603","page","type-page","status-publish","has-post-thumbnail","hentry"],"_links":{"self":[{"href":"https:\/\/grupomultimedia.es\/web\/wp-json\/wp\/v2\/pages\/88603","targetHints":{"allow":["GET"]}}],"collection":[{"href":"https:\/\/grupomultimedia.es\/web\/wp-json\/wp\/v2\/pages"}],"about":[{"href":"https:\/\/grupomultimedia.es\/web\/wp-json\/wp\/v2\/types\/page"}],"author":[{"embeddable":true,"href":"https:\/\/grupomultimedia.es\/web\/wp-json\/wp\/v2\/users\/1"}],"replies":[{"embeddable":true,"href":"https:\/\/grupomultimedia.es\/web\/wp-json\/wp\/v2\/comments?post=88603"}],"version-history":[{"count":4,"href":"https:\/\/grupomultimedia.es\/web\/wp-json\/wp\/v2\/pages\/88603\/revisions"}],"predecessor-version":[{"id":88766,"href":"https:\/\/grupomultimedia.es\/web\/wp-json\/wp\/v2\/pages\/88603\/revisions\/88766"}],"wp:featuredmedia":[{"embeddable":true,"href":"https:\/\/grupomultimedia.es\/web\/wp-json\/wp\/v2\/media\/19710"}],"wp:attachment":[{"href":"https:\/\/grupomultimedia.es\/web\/wp-json\/wp\/v2\/media?parent=88603"}],"curies":[{"name":"wp","href":"https:\/\/api.w.org\/{rel}","templated":true}]}}